{"id":5967,"date":"2024-10-28T14:31:43","date_gmt":"2024-10-28T14:31:43","guid":{"rendered":"https:\/\/hotelcondesdeharo.com\/aviso-legal\/"},"modified":"2024-11-20T07:43:32","modified_gmt":"2024-11-20T07:43:32","slug":"aviso-legal","status":"publish","type":"page","link":"https:\/\/hotelcondesdeharo.com\/fr\/aviso-legal\/","title":{"rendered":"LEGAL NOTICE"},"content":{"rendered":"\t\t<div data-elementor-type=\"wp-page\" data-elementor-id=\"5967\" class=\"elementor elementor-5967 elementor-4222\">\n\t\t\t\t<div class=\"elementor-element elementor-element-11bc624 e-flex e-con-boxed e-con e-parent\" data-id=\"11bc624\" data-element_type=\"container\">\n\t\t\t\t\t<div class=\"e-con-inner\">\n\t\t\t\t<div class=\"elementor-element elementor-element-a31381d elementor-widget elementor-widget-spacer\" data-id=\"a31381d\" data-element_type=\"widget\" data-widget_type=\"spacer.default\">\n\t\t\t\t<div class=\"elementor-widget-container\">\n\t\t\t\t\t<div class=\"elementor-spacer\">\n\t\t\t<div class=\"elementor-spacer-inner\"><\/div>\n\t\t<\/div>\n\t\t\t\t<\/div>\n\t\t\t\t<\/div>\n\t\t\t\t\t<\/div>\n\t\t\t\t<\/div>\n\t\t<div class=\"elementor-element elementor-element-25c6fa3 e-flex e-con-boxed e-con e-parent\" data-id=\"25c6fa3\" data-element_type=\"container\">\n\t\t\t\t\t<div class=\"e-con-inner\">\n\t\t\t\t<div class=\"elementor-element elementor-element-4561013 elementor-widget elementor-widget-text-editor\" data-id=\"4561013\" data-element_type=\"widget\" data-widget_type=\"text-editor.default\">\n\t\t\t\t<div class=\"elementor-widget-container\">\n\t\t\t\t\t\t\t<p>Mentions L\u00e9gales<\/p>\t\t\t\t\t\t<\/div>\n\t\t\t\t<\/div>\n\t\t\t\t\t<\/div>\n\t\t\t\t<\/div>\n\t\t<div class=\"elementor-element elementor-element-d78f5ea e-flex e-con-boxed e-con e-parent\" data-id=\"d78f5ea\" data-element_type=\"container\">\n\t\t\t\t\t<div class=\"e-con-inner\">\n\t\t\t\t<div class=\"elementor-element elementor-element-06cc1b1 elementor-widget-divider--view-line elementor-widget elementor-widget-divider\" data-id=\"06cc1b1\" data-element_type=\"widget\" data-widget_type=\"divider.default\">\n\t\t\t\t<div class=\"elementor-widget-container\">\n\t\t\t\t\t<div class=\"elementor-divider\">\n\t\t\t<span class=\"elementor-divider-separator\">\n\t\t\t\t\t\t<\/span>\n\t\t<\/div>\n\t\t\t\t<\/div>\n\t\t\t\t<\/div>\n\t\t\t\t<div class=\"elementor-element elementor-element-03c9b39 elementor-widget elementor-widget-text-editor\" data-id=\"03c9b39\" data-element_type=\"widget\" data-widget_type=\"text-editor.default\">\n\t\t\t\t<div class=\"elementor-widget-container\">\n\t\t\t\t\t\t\t<p><strong>Conform\u00e9ment \u00e0 la Loi 34\/2002, du 11 juillet, sur les Services de la Soci\u00e9t\u00e9 de l&rsquo;Information et le Commerce \u00c9lectronique (LSSI CE)<\/strong>, nous informons les utilisateurs des donn\u00e9es et des conditions d&rsquo;utilisation de OHCANSA URBANA S.L., propri\u00e9taire de ce site web :<\/p><p><strong>Raison sociale<\/strong> : Ohcansa Urbana S.L.<br \/><strong>Nom commercial<\/strong> : H\u00f4tel Condes de Haro<br \/><strong>Si\u00e8ge social<\/strong> : CALLE ERMITAGA\u00d1A 3, PAMPLONA<br \/><strong>NIF<\/strong> : B31606114<br \/><strong>E-mail<\/strong> : <a rel=\"noopener\">direccion@hotelcondesdeharo.com<\/a><br \/><strong>T\u00e9l\u00e9phone<\/strong> : 941 20 85 00<br \/><strong>Nom de domaine<\/strong> : <a href=\"http:\/\/www.hotelcondesdeharo.com\" target=\"_new\" rel=\"noopener\">www.hotelcondesdeharo.com<\/a><\/p><p>L&rsquo;utilisation de ce site web conf\u00e8re le statut d&rsquo; \u00ab Utilisateur \u00bb. Cela signifie que vous acceptez les termes et conditions \u00e9nonc\u00e9s ci-dessous et que vous vous engagez \u00e0 ne pas l&rsquo;utiliser \u00e0 des fins ill\u00e9gales.<\/p><hr \/><h3><strong>OBJET<\/strong><\/h3><p>\u00c0 travers le site web, nous offrons aux utilisateurs la possibilit\u00e9 d&rsquo;acc\u00e9der \u00e0 des informations concernant nos services.<\/p><p>Toute personne acc\u00e9dant \u00e0 ce site web assume le r\u00f4le d&rsquo;utilisateur, s&rsquo;engageant \u00e0 respecter rigoureusement les dispositions \u00e9tablies ici, ainsi que toute autre disposition l\u00e9gale applicable.<\/p><p>OHCANSA URBANA S.L. se r\u00e9serve le droit de modifier toute information figurant sur le site web sans obligation de pr\u00e9avis ou de notification aux utilisateurs, \u00e9tant suffisant de publier ladite information sur le site web.<\/p><hr \/><h3><strong>CONDITIONS D&rsquo;UTILISATION : OBLIGATIONS<\/strong><\/h3><p>L&rsquo;Utilisateur s&rsquo;engage \u00e0 :<\/p><ol><li><p>Faire un usage appropri\u00e9 et l\u00e9gal du Site Web ainsi que de ses contenus et services, conform\u00e9ment \u00e0 :<\/p><ul><li>(i) la l\u00e9gislation applicable \u00e0 tout moment ;<\/li><li>(ii) les Conditions G\u00e9n\u00e9rales d&rsquo;Utilisation du Site Web ;<\/li><li>(iii) la morale et les bonnes m\u0153urs g\u00e9n\u00e9ralement accept\u00e9es ;<\/li><li>(iv) l&rsquo;ordre public.<\/li><\/ul><\/li><li><p>Disposer de tous les moyens et exigences techniques n\u00e9cessaires pour acc\u00e9der au Site Web.<\/p><\/li><li><p>Fournir des informations v\u00e9ridiques lors de la saisie de donn\u00e9es personnelles dans les formulaires du Site Web et les tenir \u00e0 jour pour refl\u00e9ter la situation r\u00e9elle de l&rsquo;Utilisateur. L&rsquo;Utilisateur sera le seul responsable des d\u00e9clarations fausses ou inexactes et des dommages caus\u00e9s \u00e0 l&rsquo;entreprise ou \u00e0 des tiers par les informations fournies.<\/p><\/li><\/ol><p>Cependant, l&rsquo;Utilisateur doit \u00e9galement s&rsquo;abstenir de :<\/p><ul><li>Faire un usage non autoris\u00e9 ou frauduleux du Site Web et\/ou des contenus \u00e0 des fins ill\u00e9gales ou nuisibles, contraires aux pr\u00e9sentes Conditions G\u00e9n\u00e9rales d&rsquo;Utilisation, portant atteinte aux droits et int\u00e9r\u00eats de tiers, ou pouvant en tout cas endommager, d\u00e9sactiver, surcharger, d\u00e9t\u00e9riorer ou emp\u00eacher l&rsquo;utilisation normale des services ou des documents, fichiers et contenus de toute nature stock\u00e9s sur tout \u00e9quipement informatique.<\/li><li>Acc\u00e9der ou tenter d&rsquo;acc\u00e9der \u00e0 des ressources ou zones restreintes du Site Web sans remplir les conditions requises pour cet acc\u00e8s.<\/li><li>Endommager les syst\u00e8mes physiques ou logiques du Site Web, de ses fournisseurs ou de tiers.<\/li><li>Introduire ou diffuser des virus informatiques ou tout autre syst\u00e8me physique ou logique susceptible de provoquer des dommages aux syst\u00e8mes physiques ou logiques de l&rsquo;entreprise, de ses fournisseurs ou de tiers.<\/li><li>Reproduire ou copier, distribuer, permettre l&rsquo;acc\u00e8s public par tout moyen de communication publique, transformer ou modifier les contenus, sauf autorisation expresse du titulaire des droits correspondants ou lorsque cela est l\u00e9galement permis.<\/li><li>Supprimer, masquer ou manipuler les notes sur les droits de propri\u00e9t\u00e9 intellectuelle ou industrielle et autres donn\u00e9es identifiables des droits de l&rsquo;entreprise ou de tiers int\u00e9gr\u00e9s dans les contenus, ainsi que les dispositifs techniques de protection ou tout autre m\u00e9canisme d&rsquo;information pouvant \u00eatre ins\u00e9r\u00e9 dans les contenus.<\/li><li>Obtenir ou tenter d&rsquo;obtenir les contenus par des moyens ou proc\u00e9dures non autoris\u00e9s explicitement indiqu\u00e9s sur le site web ou, en g\u00e9n\u00e9ral, des moyens habituellement utilis\u00e9s sur Internet, n&rsquo;impliquant pas de risques de dommages ou d&rsquo;inutilisation du Site Web et\/ou des contenus.<\/li><\/ul><p>En particulier, \u00e0 titre indicatif et non exhaustif, l&rsquo;Utilisateur s&rsquo;engage \u00e0 ne pas transmettre, diffuser ou mettre \u00e0 disposition de tiers des informations, donn\u00e9es, contenus, messages, graphiques, dessins, fichiers audio et\/ou vid\u00e9o, photographies, enregistrements, logiciels et, en g\u00e9n\u00e9ral, tout mat\u00e9riel qui :<\/p><ul><li>Va \u00e0 l&rsquo;encontre, m\u00e9prise ou porte atteinte aux droits fondamentaux et libert\u00e9s publiques reconnus constitutionnellement, dans les Trait\u00e9s Internationaux et dans la l\u00e9gislation en vigueur.<\/li><li>Encourage, incite ou promeut des actions criminelles, d\u00e9gradantes, diffamatoires, violentes ou contraires \u00e0 la loi, \u00e0 la morale ou aux bonnes m\u0153urs g\u00e9n\u00e9ralement accept\u00e9es ou \u00e0 l&rsquo;ordre public.<\/li><li>Incite ou promeut des comportements discriminatoires en raison de sexe, race, religion, croyances, \u00e2ge ou condition.<\/li><li>Contient des virus informatiques ou tout autre programme perturbant le bon fonctionnement du Site Web.<\/li><\/ul><p>Si l&rsquo;acc\u00e8s \u00e0 certains services et\/ou contenus du Site Web est s\u00e9curis\u00e9 par un mot de passe, l&rsquo;Utilisateur est tenu de l&rsquo;utiliser avec diligence et de le garder secret. Il doit notifier \u00e0 l&rsquo;entreprise tout usage abusif pour qu&rsquo;elle puisse agir imm\u00e9diatement.<\/p>\t\t\t\t\t\t<\/div>\n\t\t\t\t<\/div>\n\t\t\t\t<div class=\"elementor-element elementor-element-e504dfa elementor-widget-divider--view-line elementor-widget elementor-widget-divider\" data-id=\"e504dfa\" data-element_type=\"widget\" data-widget_type=\"divider.default\">\n\t\t\t\t<div class=\"elementor-widget-container\">\n\t\t\t\t\t<div class=\"elementor-divider\">\n\t\t\t<span class=\"elementor-divider-separator\">\n\t\t\t\t\t\t<\/span>\n\t\t<\/div>\n\t\t\t\t<\/div>\n\t\t\t\t<\/div>\n\t\t\t\t\t<\/div>\n\t\t\t\t<\/div>\n\t\t\t\t<\/div>\n\t\t","protected":false},"excerpt":{"rendered":"<p>Mentions L\u00e9gales Conform\u00e9ment \u00e0 la Loi 34\/2002, du 11 juillet, sur les Services de la Soci\u00e9t\u00e9 de l&rsquo;Information et le Commerce \u00c9lectronique (LSSI CE), nous informons les utilisateurs des donn\u00e9es et des conditions d&rsquo;utilisation de OHCANSA URBANA S.L., propri\u00e9taire de ce site web : Raison sociale : Ohcansa Urbana S.L.Nom commercial : H\u00f4tel Condes de &#8230;<\/p>\n","protected":false},"author":1,"featured_media":0,"parent":0,"menu_order":0,"comment_status":"closed","ping_status":"closed","template":"template-wide-content.php","meta":{"cozystay_single_page_hide_site_header":"","cozystay_single_page_site_header_source":"","cozystay_single_page_custom_site_header":"","cozystay_single_page_custom_sticky_site_header":"","cozystay_single_page_hide_page_title":"on","cozystay_single_page_header_section_size":"","cozystay_single_page_header_background_color":"","cozystay_single_page_header_background_position_x":"center","cozystay_single_page_header_background_position_y":"center","cozystay_single_page_header_background_size":"cover","cozystay_single_page_header_background_repeat":"off","cozystay_single_page_header_background_scroll":"on","cozystay_single_page_header_text_color":"","cozystay_single_page_header_show_breadcrumb":"","cozystay_single_page_site_footer_hide_main":"","cozystay_single_custom_site_footer_main_source":"","cozystay_single_custom_site_footer_main":"","cozystay_single_page_site_footer_hide_above":"","cozystay_single_custom_site_footer_above_source":"","cozystay_single_custom_site_footer_above":"","cozystay_single_page_site_footer_hide_instagram":"","cozystay_single_page_site_footer_hide_bottom":"","cozystay_single_custom_mobile_menu_source":"","cozystay_single_custom_mobile_menu":"","cozystay_single_custom_mobile_menu_animation":"","cozystay_single_custom_mobile_menu_width":"","cozystay_single_custom_mobile_menu_custom_width":375,"footnotes":""},"class_list":["post-5967","page","type-page","status-publish","hentry"],"yoast_head":"<!-- This site is optimized with the Yoast SEO plugin v23.9 - https:\/\/yoast.com\/wordpress\/plugins\/seo\/ -->\n<title>LEGAL NOTICE - Hotel Condes de Haro en Logro\u00f1o<\/title>\n<meta name=\"robots\" content=\"index, follow, max-snippet:-1, max-image-preview:large, max-video-preview:-1\" \/>\n<link rel=\"canonical\" href=\"https:\/\/hotelcondesdeharo.com\/fr\/aviso-legal\/\" \/>\n<meta property=\"og:locale\" content=\"fr_FR\" \/>\n<meta property=\"og:type\" content=\"article\" \/>\n<meta property=\"og:title\" content=\"LEGAL NOTICE - Hotel Condes de Haro en Logro\u00f1o\" \/>\n<meta property=\"og:description\" content=\"Mentions L\u00e9gales Conform\u00e9ment \u00e0 la Loi 34\/2002, du 11 juillet, sur les Services de la Soci\u00e9t\u00e9 de l&rsquo;Information et le Commerce \u00c9lectronique (LSSI CE), nous informons les utilisateurs des donn\u00e9es et des conditions d&rsquo;utilisation de OHCANSA URBANA S.L., propri\u00e9taire de ce site web : Raison sociale : Ohcansa Urbana S.L.Nom commercial : H\u00f4tel Condes de ...\" \/>\n<meta property=\"og:url\" content=\"https:\/\/hotelcondesdeharo.com\/fr\/aviso-legal\/\" \/>\n<meta property=\"og:site_name\" content=\"Hotel Condes de Haro en Logro\u00f1o\" \/>\n<meta property=\"article:modified_time\" content=\"2024-11-20T07:43:32+00:00\" \/>\n<meta name=\"twitter:card\" content=\"summary_large_image\" \/>\n<meta name=\"twitter:label1\" content=\"Dur\u00e9e de lecture estim\u00e9e\" \/>\n\t<meta name=\"twitter:data1\" content=\"4 minutes\" \/>\n<script type=\"application\/ld+json\" class=\"yoast-schema-graph\">{\"@context\":\"https:\/\/schema.org\",\"@graph\":[{\"@type\":\"WebPage\",\"@id\":\"https:\/\/hotelcondesdeharo.com\/fr\/aviso-legal\/\",\"url\":\"https:\/\/hotelcondesdeharo.com\/fr\/aviso-legal\/\",\"name\":\"LEGAL NOTICE - Hotel Condes de Haro en Logro\u00f1o\",\"isPartOf\":{\"@id\":\"https:\/\/hotelcondesdeharo.com\/fr\/#website\"},\"datePublished\":\"2024-10-28T14:31:43+00:00\",\"dateModified\":\"2024-11-20T07:43:32+00:00\",\"breadcrumb\":{\"@id\":\"https:\/\/hotelcondesdeharo.com\/fr\/aviso-legal\/#breadcrumb\"},\"inLanguage\":\"fr-FR\",\"potentialAction\":[{\"@type\":\"ReadAction\",\"target\":[\"https:\/\/hotelcondesdeharo.com\/fr\/aviso-legal\/\"]}]},{\"@type\":\"BreadcrumbList\",\"@id\":\"https:\/\/hotelcondesdeharo.com\/fr\/aviso-legal\/#breadcrumb\",\"itemListElement\":[{\"@type\":\"ListItem\",\"position\":1,\"name\":\"Portada\",\"item\":\"https:\/\/hotelcondesdeharo.com\/fr\/\"},{\"@type\":\"ListItem\",\"position\":2,\"name\":\"LEGAL NOTICE\"}]},{\"@type\":\"WebSite\",\"@id\":\"https:\/\/hotelcondesdeharo.com\/fr\/#website\",\"url\":\"https:\/\/hotelcondesdeharo.com\/fr\/\",\"name\":\"Hotel Condes de Haro en Logro\u00f1o\",\"description\":\"Hotel en Logro\u00f1o\",\"publisher\":{\"@id\":\"https:\/\/hotelcondesdeharo.com\/fr\/#organization\"},\"potentialAction\":[{\"@type\":\"SearchAction\",\"target\":{\"@type\":\"EntryPoint\",\"urlTemplate\":\"https:\/\/hotelcondesdeharo.com\/fr\/?s={search_term_string}\"},\"query-input\":{\"@type\":\"PropertyValueSpecification\",\"valueRequired\":true,\"valueName\":\"search_term_string\"}}],\"inLanguage\":\"fr-FR\"},{\"@type\":\"Organization\",\"@id\":\"https:\/\/hotelcondesdeharo.com\/fr\/#organization\",\"name\":\"Hotel Condes de Haro en Logro\u00f1o\",\"url\":\"https:\/\/hotelcondesdeharo.com\/fr\/\",\"logo\":{\"@type\":\"ImageObject\",\"inLanguage\":\"fr-FR\",\"@id\":\"https:\/\/hotelcondesdeharo.com\/fr\/#\/schema\/logo\/image\/\",\"url\":\"https:\/\/hotelcondesdeharo.com\/wp-content\/uploads\/2024\/09\/Hotel-Condes-de-Haro_ayudas-web__LOGO-HORIZONTAL_BLANCO.png\",\"contentUrl\":\"https:\/\/hotelcondesdeharo.com\/wp-content\/uploads\/2024\/09\/Hotel-Condes-de-Haro_ayudas-web__LOGO-HORIZONTAL_BLANCO.png\",\"width\":444,\"height\":52,\"caption\":\"Hotel Condes de Haro en Logro\u00f1o\"},\"image\":{\"@id\":\"https:\/\/hotelcondesdeharo.com\/fr\/#\/schema\/logo\/image\/\"}}]}<\/script>\n<!-- \/ Yoast SEO plugin. -->","yoast_head_json":{"title":"LEGAL NOTICE - Hotel Condes de Haro en Logro\u00f1o","robots":{"index":"index","follow":"follow","max-snippet":"max-snippet:-1","max-image-preview":"max-image-preview:large","max-video-preview":"max-video-preview:-1"},"canonical":"https:\/\/hotelcondesdeharo.com\/fr\/aviso-legal\/","og_locale":"fr_FR","og_type":"article","og_title":"LEGAL NOTICE - Hotel Condes de Haro en Logro\u00f1o","og_description":"Mentions L\u00e9gales Conform\u00e9ment \u00e0 la Loi 34\/2002, du 11 juillet, sur les Services de la Soci\u00e9t\u00e9 de l&rsquo;Information et le Commerce \u00c9lectronique (LSSI CE), nous informons les utilisateurs des donn\u00e9es et des conditions d&rsquo;utilisation de OHCANSA URBANA S.L., propri\u00e9taire de ce site web : Raison sociale : Ohcansa Urbana S.L.Nom commercial : H\u00f4tel Condes de ...","og_url":"https:\/\/hotelcondesdeharo.com\/fr\/aviso-legal\/","og_site_name":"Hotel Condes de Haro en Logro\u00f1o","article_modified_time":"2024-11-20T07:43:32+00:00","twitter_card":"summary_large_image","twitter_misc":{"Dur\u00e9e de lecture estim\u00e9e":"4 minutes"},"schema":{"@context":"https:\/\/schema.org","@graph":[{"@type":"WebPage","@id":"https:\/\/hotelcondesdeharo.com\/fr\/aviso-legal\/","url":"https:\/\/hotelcondesdeharo.com\/fr\/aviso-legal\/","name":"LEGAL NOTICE - Hotel Condes de Haro en Logro\u00f1o","isPartOf":{"@id":"https:\/\/hotelcondesdeharo.com\/fr\/#website"},"datePublished":"2024-10-28T14:31:43+00:00","dateModified":"2024-11-20T07:43:32+00:00","breadcrumb":{"@id":"https:\/\/hotelcondesdeharo.com\/fr\/aviso-legal\/#breadcrumb"},"inLanguage":"fr-FR","potentialAction":[{"@type":"ReadAction","target":["https:\/\/hotelcondesdeharo.com\/fr\/aviso-legal\/"]}]},{"@type":"BreadcrumbList","@id":"https:\/\/hotelcondesdeharo.com\/fr\/aviso-legal\/#breadcrumb","itemListElement":[{"@type":"ListItem","position":1,"name":"Portada","item":"https:\/\/hotelcondesdeharo.com\/fr\/"},{"@type":"ListItem","position":2,"name":"LEGAL NOTICE"}]},{"@type":"WebSite","@id":"https:\/\/hotelcondesdeharo.com\/fr\/#website","url":"https:\/\/hotelcondesdeharo.com\/fr\/","name":"Hotel Condes de Haro en Logro\u00f1o","description":"Hotel en Logro\u00f1o","publisher":{"@id":"https:\/\/hotelcondesdeharo.com\/fr\/#organization"},"potentialAction":[{"@type":"SearchAction","target":{"@type":"EntryPoint","urlTemplate":"https:\/\/hotelcondesdeharo.com\/fr\/?s={search_term_string}"},"query-input":{"@type":"PropertyValueSpecification","valueRequired":true,"valueName":"search_term_string"}}],"inLanguage":"fr-FR"},{"@type":"Organization","@id":"https:\/\/hotelcondesdeharo.com\/fr\/#organization","name":"Hotel Condes de Haro en Logro\u00f1o","url":"https:\/\/hotelcondesdeharo.com\/fr\/","logo":{"@type":"ImageObject","inLanguage":"fr-FR","@id":"https:\/\/hotelcondesdeharo.com\/fr\/#\/schema\/logo\/image\/","url":"https:\/\/hotelcondesdeharo.com\/wp-content\/uploads\/2024\/09\/Hotel-Condes-de-Haro_ayudas-web__LOGO-HORIZONTAL_BLANCO.png","contentUrl":"https:\/\/hotelcondesdeharo.com\/wp-content\/uploads\/2024\/09\/Hotel-Condes-de-Haro_ayudas-web__LOGO-HORIZONTAL_BLANCO.png","width":444,"height":52,"caption":"Hotel Condes de Haro en Logro\u00f1o"},"image":{"@id":"https:\/\/hotelcondesdeharo.com\/fr\/#\/schema\/logo\/image\/"}}]}},"_links":{"self":[{"href":"https:\/\/hotelcondesdeharo.com\/fr\/wp-json\/wp\/v2\/pages\/5967","targetHints":{"allow":["GET"]}}],"collection":[{"href":"https:\/\/hotelcondesdeharo.com\/fr\/wp-json\/wp\/v2\/pages"}],"about":[{"href":"https:\/\/hotelcondesdeharo.com\/fr\/wp-json\/wp\/v2\/types\/page"}],"author":[{"embeddable":true,"href":"https:\/\/hotelcondesdeharo.com\/fr\/wp-json\/wp\/v2\/users\/1"}],"replies":[{"embeddable":true,"href":"https:\/\/hotelcondesdeharo.com\/fr\/wp-json\/wp\/v2\/comments?post=5967"}],"version-history":[{"count":4,"href":"https:\/\/hotelcondesdeharo.com\/fr\/wp-json\/wp\/v2\/pages\/5967\/revisions"}],"predecessor-version":[{"id":6782,"href":"https:\/\/hotelcondesdeharo.com\/fr\/wp-json\/wp\/v2\/pages\/5967\/revisions\/6782"}],"wp:attachment":[{"href":"https:\/\/hotelcondesdeharo.com\/fr\/wp-json\/wp\/v2\/media?parent=5967"}],"curies":[{"name":"wp","href":"https:\/\/api.w.org\/{rel}","templated":true}]}}