{"id":6847,"date":"2024-10-28T11:30:37","date_gmt":"2024-10-28T11:30:37","guid":{"rendered":"https:\/\/hotelcondesdeharo.com\/servicios-salon-prensa\/"},"modified":"2024-11-26T09:38:11","modified_gmt":"2024-11-26T09:38:11","slug":"espacio-para-eventos-en-logrono","status":"publish","type":"page","link":"https:\/\/hotelcondesdeharo.com\/fr\/espacio-para-eventos-en-logrono\/","title":{"rendered":"SERVICES SALLE PRESSE"},"content":{"rendered":"\t\t<div data-elementor-type=\"wp-page\" data-elementor-id=\"6847\" class=\"elementor elementor-6847 elementor-3727\">\n\t\t\t\t\t\t<section class=\"elementor-section elementor-top-section elementor-element elementor-element-223ffc92 elementor-section-height-min-height cs-section-content-fullwidth cs_scroll_y_100 cs-parallax-on-scroll elementor-section-boxed elementor-section-height-default elementor-section-items-middle\" data-id=\"223ffc92\" data-element_type=\"section\" data-settings=\"{&quot;background_background&quot;:&quot;classic&quot;}\" data-cs-parallax-y=\"100\" style=\"background-image: none;\" data-cs-background-image=\"https:\/\/hotelcondesdeharo.com\/wp-content\/uploads\/2024\/10\/DSC_1941-2.jpg\">\n\t\t\t\t\t\t\t<div class=\"elementor-background-overlay\"><\/div>\n\t\t\t\t\t\t\t<div class=\"elementor-container elementor-column-gap-no\">\n\t\t\t\t\t<div class=\"elementor-column elementor-col-100 elementor-top-column elementor-element elementor-element-6755f0d2 dark-color\" data-id=\"6755f0d2\" data-element_type=\"column\">\n\t\t\t<div class=\"elementor-widget-wrap elementor-element-populated\">\n\t\t\t\t\t\t<div class=\"elementor-element elementor-element-1efed886 elementor-widget elementor-widget-cs_title\" data-id=\"1efed886\" data-element_type=\"widget\" data-widget_type=\"cs_title.default\">\n\t\t\t\t<div class=\"elementor-widget-container\">\n\t\t\t\n        <div class=\"cs-title-wrap text-center\">\t            <div class=\"cs-subtitle-wrap\"><span class=\"cs-subtitle color-white\">Alquiler<\/span><\/div>\t            <h1 class=\"cs-title color-white\">\n\t                Sal\u00f3n Prensa\t            <\/h1>        <\/div>\t\t<\/div>\n\t\t\t\t<\/div>\n\t\t\t\t\t<\/div>\n\t\t<\/div>\n\t\t\t\t\t<\/div>\n\t\t<\/section>\n\t\t\t\t<section class=\"elementor-section elementor-top-section elementor-element elementor-element-84fee6b elementor-section-boxed elementor-section-height-default elementor-section-height-default\" data-id=\"84fee6b\" data-element_type=\"section\">\n\t\t\t\t\t\t<div class=\"elementor-container elementor-column-gap-no\">\n\t\t\t\t\t<div class=\"elementor-column elementor-col-66 elementor-top-column elementor-element elementor-element-f7a2cf6\" data-id=\"f7a2cf6\" data-element_type=\"column\">\n\t\t\t<div class=\"elementor-widget-wrap elementor-element-populated\">\n\t\t\t\t\t\t<div class=\"elementor-element elementor-element-695bac3 elementor-widget elementor-widget-cs_title\" data-id=\"695bac3\" data-element_type=\"widget\" data-widget_type=\"cs_title.default\">\n\t\t\t\t<div class=\"elementor-widget-container\">\n\t\t\t\n        <div class=\"cs-title-wrap\">\t            <div class=\"cs-subtitle-wrap\"><span class=\"cs-subtitle\">alquiler de espacios<\/span><\/div>\t            <h1 class=\"cs-title\">\n\t                Espacio para eventos\t            <\/h1>\t            <div class=\"cs-title-text\">\n\t                <p data-sourcepos=\"3:1-3:465\">Imagina un espacio moderno y c\u00e9ntrico perfecto para impulsar la productividad de tu equipo. El Sal\u00f3n Prensa del Hotel Condes de Haro, con 117 m\u00b2 y capacidad para 86 personas, dependiendo del montaje requerido, que brinda el escenario ideal para tus reuniones de empresa o exposiciones.<\/p><p data-sourcepos=\"5:1-5:271\">\u00a1Logra reuniones memorables en Logro\u00f1o <a target=\"_blank\" rel=\"noopener\">!<\/a>! Con todo el equipamiento que necesitas y la atenci\u00f3n del Hotel Condes de Haro, tu evento ser\u00e1 un \u00e9xito.<\/p><p data-sourcepos=\"7:1-7:139\">No busques m\u00e1s, solicita hoy mismo alquilar el Sal\u00f3n Prensa.<\/p><p data-sourcepos=\"7:1-7:139\"><strong>\u00a1Te esperamos!<\/strong><\/p>\t            <\/div>        <\/div>\t\t<\/div>\n\t\t\t\t<\/div>\n\t\t\t\t\t<\/div>\n\t\t<\/div>\n\t\t\t\t<div class=\"elementor-column elementor-col-33 elementor-top-column elementor-element elementor-element-5bad838\" data-id=\"5bad838\" data-element_type=\"column\">\n\t\t\t<div class=\"elementor-widget-wrap elementor-element-populated\">\n\t\t\t\t\t\t<section class=\"elementor-section elementor-inner-section elementor-element elementor-element-ee46a1b elementor-section-boxed elementor-section-height-default elementor-section-height-default\" data-id=\"ee46a1b\" data-element_type=\"section\" data-settings=\"{&quot;background_background&quot;:&quot;classic&quot;}\">\n\t\t\t\t\t\t<div class=\"elementor-container elementor-column-gap-no\">\n\t\t\t\t\t<div class=\"elementor-column elementor-col-100 elementor-inner-column elementor-element elementor-element-01522b6\" data-id=\"01522b6\" data-element_type=\"column\">\n\t\t\t<div class=\"elementor-widget-wrap elementor-element-populated\">\n\t\t\t\t\t\t<div class=\"elementor-element elementor-element-ccfaea4 elementor-widget elementor-widget-cs_title\" data-id=\"ccfaea4\" data-element_type=\"widget\" data-widget_type=\"cs_title.default\">\n\t\t\t\t<div class=\"elementor-widget-container\">\n\t\t\t\n        <div class=\"cs-title-wrap\">\t            <h6 class=\"cs-title\">\n\t                M\u00e1s informaci\u00f3n\t            <\/h6>        <\/div>\t\t<\/div>\n\t\t\t\t<\/div>\n\t\t\t\t<div class=\"elementor-element elementor-element-f1f70c7 elementor-widget elementor-widget-cs_list\" data-id=\"f1f70c7\" data-element_type=\"widget\" data-widget_type=\"cs_list.default\">\n\t\t\t\t<div class=\"elementor-widget-container\">\n\t\t\t\n            <ul class=\"cs-list cs-list-type-unordered with-border\">                <li>                        <span class=\"list-icon color-primary\">\n                            <svg aria-hidden=\"true\" class=\"e-font-icon-svg e-fas-circle\" viewBox=\"0 0 512 512\" xmlns=\"http:\/\/www.w3.org\/2000\/svg\"><path d=\"M256 8C119 8 8 119 8 256s111 248 248 248 248-111 248-248S393 8 256 8z\"><\/path><\/svg>                        <\/span>                    <span class=\"list-content\">Aforo m\u00e1ximo: 86 personas<\/span>                <\/li>                <li>                        <span class=\"list-icon color-primary\">\n                            <svg aria-hidden=\"true\" class=\"e-font-icon-svg e-fas-circle\" viewBox=\"0 0 512 512\" xmlns=\"http:\/\/www.w3.org\/2000\/svg\"><path d=\"M256 8C119 8 8 119 8 256s111 248 248 248 248-111 248-248S393 8 256 8z\"><\/path><\/svg>                        <\/span>                    <span class=\"list-content\">117 m2<\/span>                <\/li>                <li>                        <span class=\"list-icon color-primary\">\n                            <svg aria-hidden=\"true\" class=\"e-font-icon-svg e-fas-circle\" viewBox=\"0 0 512 512\" xmlns=\"http:\/\/www.w3.org\/2000\/svg\"><path d=\"M256 8C119 8 8 119 8 256s111 248 248 248 248-111 248-248S393 8 256 8z\"><\/path><\/svg>                        <\/span>                    <span class=\"list-content\">Disponible todos los d\u00edas del a\u00f1o<\/span>                <\/li>            <\/ul>\t\t<\/div>\n\t\t\t\t<\/div>\n\t\t\t\t<div class=\"elementor-element elementor-element-5264c4d elementor-position-left elementor-vertical-align-middle elementor-mobile-position-left elementor-view-default elementor-widget elementor-widget-icon-box\" data-id=\"5264c4d\" data-element_type=\"widget\" data-widget_type=\"icon-box.default\">\n\t\t\t\t<div class=\"elementor-widget-container\">\n\t\t\t\t\t<div class=\"elementor-icon-box-wrapper\">\n\n\t\t\t\t\t\t<div class=\"elementor-icon-box-icon\">\n\t\t\t\t<span  class=\"elementor-icon elementor-animation-\">\n\t\t\t\t<svg aria-hidden=\"true\" class=\"e-font-icon-svg e-fas-phone-alt\" viewBox=\"0 0 512 512\" xmlns=\"http:\/\/www.w3.org\/2000\/svg\"><path d=\"M497.39 361.8l-112-48a24 24 0 0 0-28 6.9l-49.6 60.6A370.66 370.66 0 0 1 130.6 204.11l60.6-49.6a23.94 23.94 0 0 0 6.9-28l-48-112A24.16 24.16 0 0 0 122.6.61l-104 24A24 24 0 0 0 0 48c0 256.5 207.9 464 464 464a24 24 0 0 0 23.4-18.6l24-104a24.29 24.29 0 0 0-14.01-27.6z\"><\/path><\/svg>\t\t\t\t<\/span>\n\t\t\t<\/div>\n\t\t\t\n\t\t\t\t\t\t<div class=\"elementor-icon-box-content\">\n\n\t\t\t\t\t\t\t\t\t<div class=\"elementor-icon-box-title\">\n\t\t\t\t\t\t<span  >\n\t\t\t\t\t\t\tReservas por tel\u00e9fono\t\t\t\t\t\t<\/span>\n\t\t\t\t\t<\/div>\n\t\t\t\t\n\t\t\t\t\t\t\t\t\t<p class=\"elementor-icon-box-description\">\n\t\t\t\t\t\t<a href=\"tel:+34 941 208 500\">+34 941 208 500<\/a>\t\t\t\t\t<\/p>\n\t\t\t\t\n\t\t\t<\/div>\n\t\t\t\n\t\t<\/div>\n\t\t\t\t<\/div>\n\t\t\t\t<\/div>\n\t\t\t\t<div class=\"elementor-element elementor-element-782c921 elementor-position-left elementor-vertical-align-middle elementor-mobile-position-left elementor-view-default elementor-widget elementor-widget-icon-box\" data-id=\"782c921\" data-element_type=\"widget\" data-widget_type=\"icon-box.default\">\n\t\t\t\t<div class=\"elementor-widget-container\">\n\t\t\t\t\t<div class=\"elementor-icon-box-wrapper\">\n\n\t\t\t\t\t\t<div class=\"elementor-icon-box-icon\">\n\t\t\t\t<span  class=\"elementor-icon elementor-animation-\">\n\t\t\t\t<svg aria-hidden=\"true\" class=\"e-font-icon-svg e-fas-mail-bulk\" viewBox=\"0 0 576 512\" xmlns=\"http:\/\/www.w3.org\/2000\/svg\"><path d=\"M160 448c-25.6 0-51.2-22.4-64-32-64-44.8-83.2-60.8-96-70.4V480c0 17.67 14.33 32 32 32h256c17.67 0 32-14.33 32-32V345.6c-12.8 9.6-32 25.6-96 70.4-12.8 9.6-38.4 32-64 32zm128-192H32c-17.67 0-32 14.33-32 32v16c25.6 19.2 22.4 19.2 115.2 86.4 9.6 6.4 28.8 25.6 44.8 25.6s35.2-19.2 44.8-22.4c92.8-67.2 89.6-67.2 115.2-86.4V288c0-17.67-14.33-32-32-32zm256-96H224c-17.67 0-32 14.33-32 32v32h96c33.21 0 60.59 25.42 63.71 57.82l.29-.22V416h192c17.67 0 32-14.33 32-32V192c0-17.67-14.33-32-32-32zm-32 128h-64v-64h64v64zm-352-96c0-35.29 28.71-64 64-64h224V32c0-17.67-14.33-32-32-32H96C78.33 0 64 14.33 64 32v192h96v-32z\"><\/path><\/svg>\t\t\t\t<\/span>\n\t\t\t<\/div>\n\t\t\t\n\t\t\t\t\t\t<div class=\"elementor-icon-box-content\">\n\n\t\t\t\t\t\t\t\t\t<div class=\"elementor-icon-box-title\">\n\t\t\t\t\t\t<span  >\n\t\t\t\t\t\t\tReservas por email\t\t\t\t\t\t<\/span>\n\t\t\t\t\t<\/div>\n\t\t\t\t\n\t\t\t\t\t\t\t\t\t<p class=\"elementor-icon-box-description\">\n\t\t\t\t\t\t<a href=\"mailto:reservas@hotelcondesdeharo.com\">reservas@hotelcondesdeharo.com<\/a>\t\t\t\t\t<\/p>\n\t\t\t\t\n\t\t\t<\/div>\n\t\t\t\n\t\t<\/div>\n\t\t\t\t<\/div>\n\t\t\t\t<\/div>\n\t\t\t\t<div class=\"elementor-element elementor-element-db57847 elementor-widget elementor-widget-spacer\" data-id=\"db57847\" data-element_type=\"widget\" data-widget_type=\"spacer.default\">\n\t\t\t\t<div class=\"elementor-widget-container\">\n\t\t\t\t\t<div class=\"elementor-spacer\">\n\t\t\t<div class=\"elementor-spacer-inner\"><\/div>\n\t\t<\/div>\n\t\t\t\t<\/div>\n\t\t\t\t<\/div>\n\t\t\t\t\t<\/div>\n\t\t<\/div>\n\t\t\t\t\t<\/div>\n\t\t<\/section>\n\t\t\t\t\t<\/div>\n\t\t<\/div>\n\t\t\t\t\t<\/div>\n\t\t<\/section>\n\t\t\t\t<section class=\"elementor-section elementor-top-section elementor-element elementor-element-8720974 elementor-section-full_width elementor-section-content-middle animated-slow elementor-section-height-default elementor-section-height-default elementor-invisible\" data-id=\"8720974\" data-element_type=\"section\" data-settings=\"{&quot;background_background&quot;:&quot;classic&quot;,&quot;animation&quot;:&quot;fadeIn&quot;,&quot;animation_delay&quot;:150}\">\n\t\t\t\t\t\t<div class=\"elementor-container elementor-column-gap-no\">\n\t\t\t\t\t<div class=\"elementor-column elementor-col-100 elementor-top-column elementor-element elementor-element-fff45a5\" data-id=\"fff45a5\" data-element_type=\"column\">\n\t\t\t<div class=\"elementor-widget-wrap elementor-element-populated\">\n\t\t\t\t\t\t<div class=\"elementor-element elementor-element-933c77d elementor-widget elementor-widget-html\" data-id=\"933c77d\" data-element_type=\"widget\" data-widget_type=\"html.default\">\n\t\t\t\t<div class=\"elementor-widget-container\">\n\t\t\t\n<iframe src=\"https:\/\/tourmkr.com\/F1460bc6Rz\/43983673p&276.52h&90.76t\" width=\"100%\" height=\"800\"><\/iframe>\t\t<\/div>\n\t\t\t\t<\/div>\n\t\t\t\t\t<\/div>\n\t\t<\/div>\n\t\t\t\t\t<\/div>\n\t\t<\/section>\n\t\t\t\t<section class=\"elementor-section elementor-top-section elementor-element elementor-element-65ab093 elementor-section-full_width elementor-section-height-default elementor-section-height-default\" data-id=\"65ab093\" data-element_type=\"section\">\n\t\t\t\t\t\t<div class=\"elementor-container elementor-column-gap-no\">\n\t\t\t\t\t<div class=\"elementor-column elementor-col-100 elementor-top-column elementor-element elementor-element-76da1b2\" data-id=\"76da1b2\" data-element_type=\"column\">\n\t\t\t<div class=\"elementor-widget-wrap elementor-element-populated\">\n\t\t\t\t\t\t<div class=\"elementor-element elementor-element-e23f41e elementor-widget elementor-widget-cs_gallery\" data-id=\"e23f41e\" data-element_type=\"widget\" data-widget_type=\"cs_gallery.default\">\n\t\t\t\t<div class=\"elementor-widget-container\">\n\t\t\t\n            <div class=\"cs-gallery gap-0 gallery-grid grid-col-3\">\n                <div class=\"cs-gallery-wrap\">                    <div class=\"cs-gallery-item\"><img fetchpriority=\"high\" decoding=\"async\" width=\"1000\" height=\"667\" src=\"https:\/\/hotelcondesdeharo.com\/wp-content\/uploads\/2024\/10\/DSC_1930-1.jpg\" class=\"attachment-full size-full wp-image-3801\" alt=\"\" srcset=\"https:\/\/hotelcondesdeharo.com\/wp-content\/uploads\/2024\/10\/DSC_1930-1.jpg 1000w, https:\/\/hotelcondesdeharo.com\/wp-content\/uploads\/2024\/10\/DSC_1930-1-300x200.jpg 300w, https:\/\/hotelcondesdeharo.com\/wp-content\/uploads\/2024\/10\/DSC_1930-1-768x512.jpg 768w, https:\/\/hotelcondesdeharo.com\/wp-content\/uploads\/2024\/10\/DSC_1930-1-780x520.jpg 780w, https:\/\/hotelcondesdeharo.com\/wp-content\/uploads\/2024\/10\/DSC_1930-1-600x400.jpg 600w, https:\/\/hotelcondesdeharo.com\/wp-content\/uploads\/2024\/10\/DSC_1930-1-550x367.jpg 550w, https:\/\/hotelcondesdeharo.com\/wp-content\/uploads\/2024\/10\/DSC_1930-1-370x247.jpg 370w, https:\/\/hotelcondesdeharo.com\/wp-content\/uploads\/2024\/10\/DSC_1930-1-255x170.jpg 255w\" sizes=\"(max-width: 1000px) 100vw, 1000px\" \/>                    <\/div>                    <div class=\"cs-gallery-item\"><img decoding=\"async\" width=\"1000\" height=\"667\" src=\"https:\/\/hotelcondesdeharo.com\/wp-content\/uploads\/2024\/10\/DSC_1935-2.jpg\" class=\"attachment-full size-full wp-image-3804\" alt=\"\" srcset=\"https:\/\/hotelcondesdeharo.com\/wp-content\/uploads\/2024\/10\/DSC_1935-2.jpg 1000w, https:\/\/hotelcondesdeharo.com\/wp-content\/uploads\/2024\/10\/DSC_1935-2-300x200.jpg 300w, https:\/\/hotelcondesdeharo.com\/wp-content\/uploads\/2024\/10\/DSC_1935-2-768x512.jpg 768w, https:\/\/hotelcondesdeharo.com\/wp-content\/uploads\/2024\/10\/DSC_1935-2-780x520.jpg 780w, https:\/\/hotelcondesdeharo.com\/wp-content\/uploads\/2024\/10\/DSC_1935-2-600x400.jpg 600w, https:\/\/hotelcondesdeharo.com\/wp-content\/uploads\/2024\/10\/DSC_1935-2-550x367.jpg 550w, https:\/\/hotelcondesdeharo.com\/wp-content\/uploads\/2024\/10\/DSC_1935-2-370x247.jpg 370w, https:\/\/hotelcondesdeharo.com\/wp-content\/uploads\/2024\/10\/DSC_1935-2-255x170.jpg 255w\" sizes=\"(max-width: 1000px) 100vw, 1000px\" \/>                    <\/div>                    <div class=\"cs-gallery-item\"><img decoding=\"async\" width=\"1000\" height=\"667\" src=\"https:\/\/hotelcondesdeharo.com\/wp-content\/uploads\/2024\/10\/DSC_1937-1.jpg\" class=\"attachment-full size-full wp-image-3807\" alt=\"\" srcset=\"https:\/\/hotelcondesdeharo.com\/wp-content\/uploads\/2024\/10\/DSC_1937-1.jpg 1000w, https:\/\/hotelcondesdeharo.com\/wp-content\/uploads\/2024\/10\/DSC_1937-1-300x200.jpg 300w, https:\/\/hotelcondesdeharo.com\/wp-content\/uploads\/2024\/10\/DSC_1937-1-768x512.jpg 768w, https:\/\/hotelcondesdeharo.com\/wp-content\/uploads\/2024\/10\/DSC_1937-1-780x520.jpg 780w, https:\/\/hotelcondesdeharo.com\/wp-content\/uploads\/2024\/10\/DSC_1937-1-600x400.jpg 600w, https:\/\/hotelcondesdeharo.com\/wp-content\/uploads\/2024\/10\/DSC_1937-1-550x367.jpg 550w, https:\/\/hotelcondesdeharo.com\/wp-content\/uploads\/2024\/10\/DSC_1937-1-370x247.jpg 370w, https:\/\/hotelcondesdeharo.com\/wp-content\/uploads\/2024\/10\/DSC_1937-1-255x170.jpg 255w\" sizes=\"(max-width: 1000px) 100vw, 1000px\" \/>                    <\/div>                    <div class=\"cs-gallery-item\"><img loading=\"lazy\" decoding=\"async\" width=\"1000\" height=\"667\" src=\"https:\/\/hotelcondesdeharo.com\/wp-content\/uploads\/2024\/10\/DSC_1941-2.jpg\" class=\"attachment-full size-full wp-image-3810\" alt=\"\" srcset=\"https:\/\/hotelcondesdeharo.com\/wp-content\/uploads\/2024\/10\/DSC_1941-2.jpg 1000w, https:\/\/hotelcondesdeharo.com\/wp-content\/uploads\/2024\/10\/DSC_1941-2-300x200.jpg 300w, https:\/\/hotelcondesdeharo.com\/wp-content\/uploads\/2024\/10\/DSC_1941-2-768x512.jpg 768w, https:\/\/hotelcondesdeharo.com\/wp-content\/uploads\/2024\/10\/DSC_1941-2-780x520.jpg 780w, https:\/\/hotelcondesdeharo.com\/wp-content\/uploads\/2024\/10\/DSC_1941-2-600x400.jpg 600w, https:\/\/hotelcondesdeharo.com\/wp-content\/uploads\/2024\/10\/DSC_1941-2-550x367.jpg 550w, https:\/\/hotelcondesdeharo.com\/wp-content\/uploads\/2024\/10\/DSC_1941-2-370x247.jpg 370w, https:\/\/hotelcondesdeharo.com\/wp-content\/uploads\/2024\/10\/DSC_1941-2-255x170.jpg 255w\" sizes=\"(max-width: 1000px) 100vw, 1000px\" \/>                    <\/div>                    <div class=\"cs-gallery-item\"><img loading=\"lazy\" decoding=\"async\" width=\"1000\" height=\"667\" src=\"https:\/\/hotelcondesdeharo.com\/wp-content\/uploads\/2024\/10\/DSC_1943-1.jpg\" class=\"attachment-full size-full wp-image-3813\" alt=\"\" srcset=\"https:\/\/hotelcondesdeharo.com\/wp-content\/uploads\/2024\/10\/DSC_1943-1.jpg 1000w, https:\/\/hotelcondesdeharo.com\/wp-content\/uploads\/2024\/10\/DSC_1943-1-300x200.jpg 300w, https:\/\/hotelcondesdeharo.com\/wp-content\/uploads\/2024\/10\/DSC_1943-1-768x512.jpg 768w, https:\/\/hotelcondesdeharo.com\/wp-content\/uploads\/2024\/10\/DSC_1943-1-780x520.jpg 780w, https:\/\/hotelcondesdeharo.com\/wp-content\/uploads\/2024\/10\/DSC_1943-1-600x400.jpg 600w, https:\/\/hotelcondesdeharo.com\/wp-content\/uploads\/2024\/10\/DSC_1943-1-550x367.jpg 550w, https:\/\/hotelcondesdeharo.com\/wp-content\/uploads\/2024\/10\/DSC_1943-1-370x247.jpg 370w, https:\/\/hotelcondesdeharo.com\/wp-content\/uploads\/2024\/10\/DSC_1943-1-255x170.jpg 255w\" sizes=\"(max-width: 1000px) 100vw, 1000px\" \/>                    <\/div>                    <div class=\"cs-gallery-item\"><img loading=\"lazy\" decoding=\"async\" width=\"1000\" height=\"667\" src=\"https:\/\/hotelcondesdeharo.com\/wp-content\/uploads\/2024\/10\/DSC_1947-1.jpg\" class=\"attachment-full size-full wp-image-3816\" alt=\"\" srcset=\"https:\/\/hotelcondesdeharo.com\/wp-content\/uploads\/2024\/10\/DSC_1947-1.jpg 1000w, https:\/\/hotelcondesdeharo.com\/wp-content\/uploads\/2024\/10\/DSC_1947-1-300x200.jpg 300w, https:\/\/hotelcondesdeharo.com\/wp-content\/uploads\/2024\/10\/DSC_1947-1-768x512.jpg 768w, https:\/\/hotelcondesdeharo.com\/wp-content\/uploads\/2024\/10\/DSC_1947-1-780x520.jpg 780w, https:\/\/hotelcondesdeharo.com\/wp-content\/uploads\/2024\/10\/DSC_1947-1-600x400.jpg 600w, https:\/\/hotelcondesdeharo.com\/wp-content\/uploads\/2024\/10\/DSC_1947-1-550x367.jpg 550w, https:\/\/hotelcondesdeharo.com\/wp-content\/uploads\/2024\/10\/DSC_1947-1-370x247.jpg 370w, https:\/\/hotelcondesdeharo.com\/wp-content\/uploads\/2024\/10\/DSC_1947-1-255x170.jpg 255w\" sizes=\"(max-width: 1000px) 100vw, 1000px\" \/>                    <\/div>                    <div class=\"cs-gallery-item\"><img loading=\"lazy\" decoding=\"async\" width=\"1000\" height=\"667\" src=\"https:\/\/hotelcondesdeharo.com\/wp-content\/uploads\/2024\/10\/DSC_1949-1.jpg\" class=\"attachment-full size-full wp-image-3819\" alt=\"\" srcset=\"https:\/\/hotelcondesdeharo.com\/wp-content\/uploads\/2024\/10\/DSC_1949-1.jpg 1000w, https:\/\/hotelcondesdeharo.com\/wp-content\/uploads\/2024\/10\/DSC_1949-1-300x200.jpg 300w, https:\/\/hotelcondesdeharo.com\/wp-content\/uploads\/2024\/10\/DSC_1949-1-768x512.jpg 768w, https:\/\/hotelcondesdeharo.com\/wp-content\/uploads\/2024\/10\/DSC_1949-1-780x520.jpg 780w, https:\/\/hotelcondesdeharo.com\/wp-content\/uploads\/2024\/10\/DSC_1949-1-600x400.jpg 600w, https:\/\/hotelcondesdeharo.com\/wp-content\/uploads\/2024\/10\/DSC_1949-1-550x367.jpg 550w, https:\/\/hotelcondesdeharo.com\/wp-content\/uploads\/2024\/10\/DSC_1949-1-370x247.jpg 370w, https:\/\/hotelcondesdeharo.com\/wp-content\/uploads\/2024\/10\/DSC_1949-1-255x170.jpg 255w\" sizes=\"(max-width: 1000px) 100vw, 1000px\" \/>                    <\/div>                    <div class=\"cs-gallery-item\"><img loading=\"lazy\" decoding=\"async\" width=\"1000\" height=\"667\" src=\"https:\/\/hotelcondesdeharo.com\/wp-content\/uploads\/2024\/10\/DSC_1953-1.jpg\" class=\"attachment-full size-full wp-image-3822\" alt=\"\" srcset=\"https:\/\/hotelcondesdeharo.com\/wp-content\/uploads\/2024\/10\/DSC_1953-1.jpg 1000w, https:\/\/hotelcondesdeharo.com\/wp-content\/uploads\/2024\/10\/DSC_1953-1-300x200.jpg 300w, https:\/\/hotelcondesdeharo.com\/wp-content\/uploads\/2024\/10\/DSC_1953-1-768x512.jpg 768w, https:\/\/hotelcondesdeharo.com\/wp-content\/uploads\/2024\/10\/DSC_1953-1-780x520.jpg 780w, https:\/\/hotelcondesdeharo.com\/wp-content\/uploads\/2024\/10\/DSC_1953-1-600x400.jpg 600w, https:\/\/hotelcondesdeharo.com\/wp-content\/uploads\/2024\/10\/DSC_1953-1-550x367.jpg 550w, https:\/\/hotelcondesdeharo.com\/wp-content\/uploads\/2024\/10\/DSC_1953-1-370x247.jpg 370w, https:\/\/hotelcondesdeharo.com\/wp-content\/uploads\/2024\/10\/DSC_1953-1-255x170.jpg 255w\" sizes=\"(max-width: 1000px) 100vw, 1000px\" \/>                    <\/div>                    <div class=\"cs-gallery-item\"><img loading=\"lazy\" decoding=\"async\" width=\"1000\" height=\"667\" src=\"https:\/\/hotelcondesdeharo.com\/wp-content\/uploads\/2024\/10\/DSC_1954-1.jpg\" class=\"attachment-full size-full wp-image-3825\" alt=\"\" srcset=\"https:\/\/hotelcondesdeharo.com\/wp-content\/uploads\/2024\/10\/DSC_1954-1.jpg 1000w, https:\/\/hotelcondesdeharo.com\/wp-content\/uploads\/2024\/10\/DSC_1954-1-300x200.jpg 300w, https:\/\/hotelcondesdeharo.com\/wp-content\/uploads\/2024\/10\/DSC_1954-1-768x512.jpg 768w, https:\/\/hotelcondesdeharo.com\/wp-content\/uploads\/2024\/10\/DSC_1954-1-780x520.jpg 780w, https:\/\/hotelcondesdeharo.com\/wp-content\/uploads\/2024\/10\/DSC_1954-1-600x400.jpg 600w, https:\/\/hotelcondesdeharo.com\/wp-content\/uploads\/2024\/10\/DSC_1954-1-550x367.jpg 550w, https:\/\/hotelcondesdeharo.com\/wp-content\/uploads\/2024\/10\/DSC_1954-1-370x247.jpg 370w, https:\/\/hotelcondesdeharo.com\/wp-content\/uploads\/2024\/10\/DSC_1954-1-255x170.jpg 255w\" sizes=\"(max-width: 1000px) 100vw, 1000px\" \/>                    <\/div>                    <div class=\"cs-gallery-item\"><img loading=\"lazy\" decoding=\"async\" width=\"1000\" height=\"667\" src=\"https:\/\/hotelcondesdeharo.com\/wp-content\/uploads\/2024\/10\/DSC_1958-2.jpg\" class=\"attachment-full size-full wp-image-3828\" alt=\"\" srcset=\"https:\/\/hotelcondesdeharo.com\/wp-content\/uploads\/2024\/10\/DSC_1958-2.jpg 1000w, https:\/\/hotelcondesdeharo.com\/wp-content\/uploads\/2024\/10\/DSC_1958-2-300x200.jpg 300w, https:\/\/hotelcondesdeharo.com\/wp-content\/uploads\/2024\/10\/DSC_1958-2-768x512.jpg 768w, https:\/\/hotelcondesdeharo.com\/wp-content\/uploads\/2024\/10\/DSC_1958-2-780x520.jpg 780w, https:\/\/hotelcondesdeharo.com\/wp-content\/uploads\/2024\/10\/DSC_1958-2-600x400.jpg 600w, https:\/\/hotelcondesdeharo.com\/wp-content\/uploads\/2024\/10\/DSC_1958-2-550x367.jpg 550w, https:\/\/hotelcondesdeharo.com\/wp-content\/uploads\/2024\/10\/DSC_1958-2-370x247.jpg 370w, https:\/\/hotelcondesdeharo.com\/wp-content\/uploads\/2024\/10\/DSC_1958-2-255x170.jpg 255w\" sizes=\"(max-width: 1000px) 100vw, 1000px\" \/>                    <\/div>                    <div class=\"cs-gallery-item\"><img loading=\"lazy\" decoding=\"async\" width=\"1000\" height=\"667\" src=\"https:\/\/hotelcondesdeharo.com\/wp-content\/uploads\/2024\/10\/DSC_1962-1.jpg\" class=\"attachment-full size-full wp-image-3831\" alt=\"\" srcset=\"https:\/\/hotelcondesdeharo.com\/wp-content\/uploads\/2024\/10\/DSC_1962-1.jpg 1000w, https:\/\/hotelcondesdeharo.com\/wp-content\/uploads\/2024\/10\/DSC_1962-1-300x200.jpg 300w, https:\/\/hotelcondesdeharo.com\/wp-content\/uploads\/2024\/10\/DSC_1962-1-768x512.jpg 768w, https:\/\/hotelcondesdeharo.com\/wp-content\/uploads\/2024\/10\/DSC_1962-1-780x520.jpg 780w, https:\/\/hotelcondesdeharo.com\/wp-content\/uploads\/2024\/10\/DSC_1962-1-600x400.jpg 600w, https:\/\/hotelcondesdeharo.com\/wp-content\/uploads\/2024\/10\/DSC_1962-1-550x367.jpg 550w, https:\/\/hotelcondesdeharo.com\/wp-content\/uploads\/2024\/10\/DSC_1962-1-370x247.jpg 370w, https:\/\/hotelcondesdeharo.com\/wp-content\/uploads\/2024\/10\/DSC_1962-1-255x170.jpg 255w\" sizes=\"(max-width: 1000px) 100vw, 1000px\" \/>                    <\/div>                    <div class=\"cs-gallery-item\"><img loading=\"lazy\" decoding=\"async\" width=\"1000\" height=\"667\" src=\"https:\/\/hotelcondesdeharo.com\/wp-content\/uploads\/2024\/11\/IMG_20240910_114610.jpg\" class=\"attachment-full size-full wp-image-5467\" alt=\"\" srcset=\"https:\/\/hotelcondesdeharo.com\/wp-content\/uploads\/2024\/11\/IMG_20240910_114610.jpg 1000w, https:\/\/hotelcondesdeharo.com\/wp-content\/uploads\/2024\/11\/IMG_20240910_114610-300x200.jpg 300w, https:\/\/hotelcondesdeharo.com\/wp-content\/uploads\/2024\/11\/IMG_20240910_114610-768x512.jpg 768w, https:\/\/hotelcondesdeharo.com\/wp-content\/uploads\/2024\/11\/IMG_20240910_114610-780x520.jpg 780w, https:\/\/hotelcondesdeharo.com\/wp-content\/uploads\/2024\/11\/IMG_20240910_114610-600x400.jpg 600w, https:\/\/hotelcondesdeharo.com\/wp-content\/uploads\/2024\/11\/IMG_20240910_114610-550x367.jpg 550w, https:\/\/hotelcondesdeharo.com\/wp-content\/uploads\/2024\/11\/IMG_20240910_114610-370x247.jpg 370w, https:\/\/hotelcondesdeharo.com\/wp-content\/uploads\/2024\/11\/IMG_20240910_114610-255x170.jpg 255w\" sizes=\"(max-width: 1000px) 100vw, 1000px\" \/>                    <\/div>                    <div class=\"cs-gallery-item\"><img loading=\"lazy\" decoding=\"async\" width=\"1000\" height=\"667\" src=\"https:\/\/hotelcondesdeharo.com\/wp-content\/uploads\/2024\/11\/IMG_20240910_114716-2.jpg\" class=\"attachment-full size-full wp-image-5470\" alt=\"\" srcset=\"https:\/\/hotelcondesdeharo.com\/wp-content\/uploads\/2024\/11\/IMG_20240910_114716-2.jpg 1000w, https:\/\/hotelcondesdeharo.com\/wp-content\/uploads\/2024\/11\/IMG_20240910_114716-2-300x200.jpg 300w, https:\/\/hotelcondesdeharo.com\/wp-content\/uploads\/2024\/11\/IMG_20240910_114716-2-768x512.jpg 768w, https:\/\/hotelcondesdeharo.com\/wp-content\/uploads\/2024\/11\/IMG_20240910_114716-2-780x520.jpg 780w, https:\/\/hotelcondesdeharo.com\/wp-content\/uploads\/2024\/11\/IMG_20240910_114716-2-600x400.jpg 600w, https:\/\/hotelcondesdeharo.com\/wp-content\/uploads\/2024\/11\/IMG_20240910_114716-2-550x367.jpg 550w, https:\/\/hotelcondesdeharo.com\/wp-content\/uploads\/2024\/11\/IMG_20240910_114716-2-370x247.jpg 370w, https:\/\/hotelcondesdeharo.com\/wp-content\/uploads\/2024\/11\/IMG_20240910_114716-2-255x170.jpg 255w\" sizes=\"(max-width: 1000px) 100vw, 1000px\" \/>                    <\/div>                <\/div>\n            <\/div>\t\t<\/div>\n\t\t\t\t<\/div>\n\t\t\t\t\t<\/div>\n\t\t<\/div>\n\t\t\t\t\t<\/div>\n\t\t<\/section>\n\t\t\t\t<\/div>\n\t\t","protected":false},"excerpt":{"rendered":"<p>Alquiler Sal\u00f3n Prensa alquiler de espacios Espacio para eventos Imagina un espacio moderno y c\u00e9ntrico perfecto para impulsar la productividad de tu equipo. El Sal\u00f3n Prensa del Hotel Condes de Haro, con 117 m\u00b2 y capacidad para 86 personas, dependiendo del montaje requerido, que brinda el escenario ideal para tus reuniones de empresa o exposiciones. &#8230;<\/p>\n","protected":false},"author":1,"featured_media":0,"parent":0,"menu_order":0,"comment_status":"closed","ping_status":"closed","template":"elementor_header_footer","meta":{"cozystay_single_page_hide_site_header":"","cozystay_single_page_site_header_source":"","cozystay_single_page_custom_site_header":"","cozystay_single_page_custom_sticky_site_header":"","cozystay_single_page_hide_page_title":"on","cozystay_single_page_header_section_size":"","cozystay_single_page_header_background_color":"","cozystay_single_page_header_background_position_x":"center","cozystay_single_page_header_background_position_y":"center","cozystay_single_page_header_background_size":"cover","cozystay_single_page_header_background_repeat":"off","cozystay_single_page_header_background_scroll":"on","cozystay_single_page_header_text_color":"","cozystay_single_page_header_show_breadcrumb":"","cozystay_single_page_site_footer_hide_main":"","cozystay_single_custom_site_footer_main_source":"","cozystay_single_custom_site_footer_main":"","cozystay_single_page_site_footer_hide_above":"","cozystay_single_custom_site_footer_above_source":"","cozystay_single_custom_site_footer_above":"","cozystay_single_page_site_footer_hide_instagram":"","cozystay_single_page_site_footer_hide_bottom":"","cozystay_single_custom_mobile_menu_source":"","cozystay_single_custom_mobile_menu":"","cozystay_single_custom_mobile_menu_animation":"","cozystay_single_custom_mobile_menu_width":"","cozystay_single_custom_mobile_menu_custom_width":375,"footnotes":""},"class_list":["post-6847","page","type-page","status-publish","hentry"],"yoast_head":"<!-- This site is optimized with the Yoast SEO plugin v23.9 - https:\/\/yoast.com\/wordpress\/plugins\/seo\/ -->\n<title>Espacio para eventos en Logro\u00f1o | Hotel Condes de Haro en Logro\u00f1o<\/title>\n<meta name=\"description\" content=\"Reserva ya nuestro espacio para eventos de 117 m\u00b2 y capacidad para 86 personas en el centro de Logro\u00f1o. Espacio moderno. \u00a1Reservalo ya!\" \/>\n<meta name=\"robots\" content=\"index, follow, max-snippet:-1, max-image-preview:large, max-video-preview:-1\" \/>\n<link rel=\"canonical\" href=\"https:\/\/hotelcondesdeharo.com\/fr\/espacio-para-eventos-en-logrono\/\" \/>\n<meta property=\"og:locale\" content=\"fr_FR\" \/>\n<meta property=\"og:type\" content=\"article\" \/>\n<meta property=\"og:title\" content=\"Espacio para eventos en Logro\u00f1o | Hotel Condes de Haro en Logro\u00f1o\" \/>\n<meta property=\"og:description\" content=\"Reserva ya nuestro espacio para eventos de 117 m\u00b2 y capacidad para 86 personas en el centro de Logro\u00f1o. Espacio moderno. \u00a1Reservalo ya!\" \/>\n<meta property=\"og:url\" content=\"https:\/\/hotelcondesdeharo.com\/fr\/espacio-para-eventos-en-logrono\/\" \/>\n<meta property=\"og:site_name\" content=\"Hotel Condes de Haro en Logro\u00f1o\" \/>\n<meta property=\"article:modified_time\" content=\"2024-11-26T09:38:11+00:00\" \/>\n<meta property=\"og:image\" content=\"https:\/\/hotelcondesdeharo.com\/wp-content\/uploads\/2024\/10\/DSC_1930-1.jpg\" \/>\n<meta name=\"twitter:card\" content=\"summary_large_image\" \/>\n<meta name=\"twitter:label1\" content=\"Dur\u00e9e de lecture estim\u00e9e\" \/>\n\t<meta name=\"twitter:data1\" content=\"4 minutes\" \/>\n<script type=\"application\/ld+json\" class=\"yoast-schema-graph\">{\"@context\":\"https:\/\/schema.org\",\"@graph\":[{\"@type\":\"WebPage\",\"@id\":\"https:\/\/hotelcondesdeharo.com\/fr\/espacio-para-eventos-en-logrono\/\",\"url\":\"https:\/\/hotelcondesdeharo.com\/fr\/espacio-para-eventos-en-logrono\/\",\"name\":\"Espacio para eventos en Logro\u00f1o | Hotel Condes de Haro en Logro\u00f1o\",\"isPartOf\":{\"@id\":\"https:\/\/hotelcondesdeharo.com\/fr\/#website\"},\"primaryImageOfPage\":{\"@id\":\"https:\/\/hotelcondesdeharo.com\/fr\/espacio-para-eventos-en-logrono\/#primaryimage\"},\"image\":{\"@id\":\"https:\/\/hotelcondesdeharo.com\/fr\/espacio-para-eventos-en-logrono\/#primaryimage\"},\"thumbnailUrl\":\"https:\/\/hotelcondesdeharo.com\/wp-content\/uploads\/2024\/10\/DSC_1930-1.jpg\",\"datePublished\":\"2024-10-28T11:30:37+00:00\",\"dateModified\":\"2024-11-26T09:38:11+00:00\",\"description\":\"Reserva ya nuestro espacio para eventos de 117 m\u00b2 y capacidad para 86 personas en el centro de Logro\u00f1o. Espacio moderno. \u00a1Reservalo ya!\",\"breadcrumb\":{\"@id\":\"https:\/\/hotelcondesdeharo.com\/fr\/espacio-para-eventos-en-logrono\/#breadcrumb\"},\"inLanguage\":\"fr-FR\",\"potentialAction\":[{\"@type\":\"ReadAction\",\"target\":[\"https:\/\/hotelcondesdeharo.com\/fr\/espacio-para-eventos-en-logrono\/\"]}]},{\"@type\":\"ImageObject\",\"inLanguage\":\"fr-FR\",\"@id\":\"https:\/\/hotelcondesdeharo.com\/fr\/espacio-para-eventos-en-logrono\/#primaryimage\",\"url\":\"https:\/\/hotelcondesdeharo.com\/wp-content\/uploads\/2024\/10\/DSC_1930-1.jpg\",\"contentUrl\":\"https:\/\/hotelcondesdeharo.com\/wp-content\/uploads\/2024\/10\/DSC_1930-1.jpg\"},{\"@type\":\"BreadcrumbList\",\"@id\":\"https:\/\/hotelcondesdeharo.com\/fr\/espacio-para-eventos-en-logrono\/#breadcrumb\",\"itemListElement\":[{\"@type\":\"ListItem\",\"position\":1,\"name\":\"Portada\",\"item\":\"https:\/\/hotelcondesdeharo.com\/fr\/\"},{\"@type\":\"ListItem\",\"position\":2,\"name\":\"SERVICES SALLE PRESSE\"}]},{\"@type\":\"WebSite\",\"@id\":\"https:\/\/hotelcondesdeharo.com\/fr\/#website\",\"url\":\"https:\/\/hotelcondesdeharo.com\/fr\/\",\"name\":\"Hotel Condes de Haro en Logro\u00f1o\",\"description\":\"Hotel en Logro\u00f1o\",\"publisher\":{\"@id\":\"https:\/\/hotelcondesdeharo.com\/fr\/#organization\"},\"potentialAction\":[{\"@type\":\"SearchAction\",\"target\":{\"@type\":\"EntryPoint\",\"urlTemplate\":\"https:\/\/hotelcondesdeharo.com\/fr\/?s={search_term_string}\"},\"query-input\":{\"@type\":\"PropertyValueSpecification\",\"valueRequired\":true,\"valueName\":\"search_term_string\"}}],\"inLanguage\":\"fr-FR\"},{\"@type\":\"Organization\",\"@id\":\"https:\/\/hotelcondesdeharo.com\/fr\/#organization\",\"name\":\"Hotel Condes de Haro en Logro\u00f1o\",\"url\":\"https:\/\/hotelcondesdeharo.com\/fr\/\",\"logo\":{\"@type\":\"ImageObject\",\"inLanguage\":\"fr-FR\",\"@id\":\"https:\/\/hotelcondesdeharo.com\/fr\/#\/schema\/logo\/image\/\",\"url\":\"https:\/\/hotelcondesdeharo.com\/wp-content\/uploads\/2024\/09\/Hotel-Condes-de-Haro_ayudas-web__LOGO-HORIZONTAL_BLANCO.png\",\"contentUrl\":\"https:\/\/hotelcondesdeharo.com\/wp-content\/uploads\/2024\/09\/Hotel-Condes-de-Haro_ayudas-web__LOGO-HORIZONTAL_BLANCO.png\",\"width\":444,\"height\":52,\"caption\":\"Hotel Condes de Haro en Logro\u00f1o\"},\"image\":{\"@id\":\"https:\/\/hotelcondesdeharo.com\/fr\/#\/schema\/logo\/image\/\"}}]}<\/script>\n<!-- \/ Yoast SEO plugin. -->","yoast_head_json":{"title":"Espacio para eventos en Logro\u00f1o | Hotel Condes de Haro en Logro\u00f1o","description":"Reserva ya nuestro espacio para eventos de 117 m\u00b2 y capacidad para 86 personas en el centro de Logro\u00f1o. Espacio moderno. \u00a1Reservalo ya!","robots":{"index":"index","follow":"follow","max-snippet":"max-snippet:-1","max-image-preview":"max-image-preview:large","max-video-preview":"max-video-preview:-1"},"canonical":"https:\/\/hotelcondesdeharo.com\/fr\/espacio-para-eventos-en-logrono\/","og_locale":"fr_FR","og_type":"article","og_title":"Espacio para eventos en Logro\u00f1o | Hotel Condes de Haro en Logro\u00f1o","og_description":"Reserva ya nuestro espacio para eventos de 117 m\u00b2 y capacidad para 86 personas en el centro de Logro\u00f1o. Espacio moderno. \u00a1Reservalo ya!","og_url":"https:\/\/hotelcondesdeharo.com\/fr\/espacio-para-eventos-en-logrono\/","og_site_name":"Hotel Condes de Haro en Logro\u00f1o","article_modified_time":"2024-11-26T09:38:11+00:00","og_image":[{"url":"https:\/\/hotelcondesdeharo.com\/wp-content\/uploads\/2024\/10\/DSC_1930-1.jpg"}],"twitter_card":"summary_large_image","twitter_misc":{"Dur\u00e9e de lecture estim\u00e9e":"4 minutes"},"schema":{"@context":"https:\/\/schema.org","@graph":[{"@type":"WebPage","@id":"https:\/\/hotelcondesdeharo.com\/fr\/espacio-para-eventos-en-logrono\/","url":"https:\/\/hotelcondesdeharo.com\/fr\/espacio-para-eventos-en-logrono\/","name":"Espacio para eventos en Logro\u00f1o | Hotel Condes de Haro en Logro\u00f1o","isPartOf":{"@id":"https:\/\/hotelcondesdeharo.com\/fr\/#website"},"primaryImageOfPage":{"@id":"https:\/\/hotelcondesdeharo.com\/fr\/espacio-para-eventos-en-logrono\/#primaryimage"},"image":{"@id":"https:\/\/hotelcondesdeharo.com\/fr\/espacio-para-eventos-en-logrono\/#primaryimage"},"thumbnailUrl":"https:\/\/hotelcondesdeharo.com\/wp-content\/uploads\/2024\/10\/DSC_1930-1.jpg","datePublished":"2024-10-28T11:30:37+00:00","dateModified":"2024-11-26T09:38:11+00:00","description":"Reserva ya nuestro espacio para eventos de 117 m\u00b2 y capacidad para 86 personas en el centro de Logro\u00f1o. Espacio moderno. \u00a1Reservalo ya!","breadcrumb":{"@id":"https:\/\/hotelcondesdeharo.com\/fr\/espacio-para-eventos-en-logrono\/#breadcrumb"},"inLanguage":"fr-FR","potentialAction":[{"@type":"ReadAction","target":["https:\/\/hotelcondesdeharo.com\/fr\/espacio-para-eventos-en-logrono\/"]}]},{"@type":"ImageObject","inLanguage":"fr-FR","@id":"https:\/\/hotelcondesdeharo.com\/fr\/espacio-para-eventos-en-logrono\/#primaryimage","url":"https:\/\/hotelcondesdeharo.com\/wp-content\/uploads\/2024\/10\/DSC_1930-1.jpg","contentUrl":"https:\/\/hotelcondesdeharo.com\/wp-content\/uploads\/2024\/10\/DSC_1930-1.jpg"},{"@type":"BreadcrumbList","@id":"https:\/\/hotelcondesdeharo.com\/fr\/espacio-para-eventos-en-logrono\/#breadcrumb","itemListElement":[{"@type":"ListItem","position":1,"name":"Portada","item":"https:\/\/hotelcondesdeharo.com\/fr\/"},{"@type":"ListItem","position":2,"name":"SERVICES SALLE PRESSE"}]},{"@type":"WebSite","@id":"https:\/\/hotelcondesdeharo.com\/fr\/#website","url":"https:\/\/hotelcondesdeharo.com\/fr\/","name":"Hotel Condes de Haro en Logro\u00f1o","description":"Hotel en Logro\u00f1o","publisher":{"@id":"https:\/\/hotelcondesdeharo.com\/fr\/#organization"},"potentialAction":[{"@type":"SearchAction","target":{"@type":"EntryPoint","urlTemplate":"https:\/\/hotelcondesdeharo.com\/fr\/?s={search_term_string}"},"query-input":{"@type":"PropertyValueSpecification","valueRequired":true,"valueName":"search_term_string"}}],"inLanguage":"fr-FR"},{"@type":"Organization","@id":"https:\/\/hotelcondesdeharo.com\/fr\/#organization","name":"Hotel Condes de Haro en Logro\u00f1o","url":"https:\/\/hotelcondesdeharo.com\/fr\/","logo":{"@type":"ImageObject","inLanguage":"fr-FR","@id":"https:\/\/hotelcondesdeharo.com\/fr\/#\/schema\/logo\/image\/","url":"https:\/\/hotelcondesdeharo.com\/wp-content\/uploads\/2024\/09\/Hotel-Condes-de-Haro_ayudas-web__LOGO-HORIZONTAL_BLANCO.png","contentUrl":"https:\/\/hotelcondesdeharo.com\/wp-content\/uploads\/2024\/09\/Hotel-Condes-de-Haro_ayudas-web__LOGO-HORIZONTAL_BLANCO.png","width":444,"height":52,"caption":"Hotel Condes de Haro en Logro\u00f1o"},"image":{"@id":"https:\/\/hotelcondesdeharo.com\/fr\/#\/schema\/logo\/image\/"}}]}},"_links":{"self":[{"href":"https:\/\/hotelcondesdeharo.com\/fr\/wp-json\/wp\/v2\/pages\/6847","targetHints":{"allow":["GET"]}}],"collection":[{"href":"https:\/\/hotelcondesdeharo.com\/fr\/wp-json\/wp\/v2\/pages"}],"about":[{"href":"https:\/\/hotelcondesdeharo.com\/fr\/wp-json\/wp\/v2\/types\/page"}],"author":[{"embeddable":true,"href":"https:\/\/hotelcondesdeharo.com\/fr\/wp-json\/wp\/v2\/users\/1"}],"replies":[{"embeddable":true,"href":"https:\/\/hotelcondesdeharo.com\/fr\/wp-json\/wp\/v2\/comments?post=6847"}],"version-history":[{"count":17,"href":"https:\/\/hotelcondesdeharo.com\/fr\/wp-json\/wp\/v2\/pages\/6847\/revisions"}],"predecessor-version":[{"id":7080,"href":"https:\/\/hotelcondesdeharo.com\/fr\/wp-json\/wp\/v2\/pages\/6847\/revisions\/7080"}],"wp:attachment":[{"href":"https:\/\/hotelcondesdeharo.com\/fr\/wp-json\/wp\/v2\/media?parent=6847"}],"curies":[{"name":"wp","href":"https:\/\/api.w.org\/{rel}","templated":true}]}}